{"version":"1.0","provider_name":"Suisse","provider_url":"https:\/\/www.resonnance.org\/ch","author_name":"suisse","author_url":"https:\/\/www.resonnance.org\/ch\/author\/suisse\/","title":"La Musique &amp; L'Eau - Concert en R\u00e9sonnance pour l'ONG 1,2,3 - ACTION &#8226; Suisse","type":"rich","width":600,"height":338,"html":"<blockquote class=\"wp-embedded-content\" data-secret=\"vn4yDF80xg\"><a href=\"https:\/\/www.resonnance.org\/ch\/events\/concert-de-soutien-de-la-fondation-2\/\">La Musique &amp; L&rsquo;Eau &#8211; Concert en R\u00e9sonnance pour l&rsquo;ONG 1,2,3 &#8211; ACTION<\/a><\/blockquote><iframe sandbox=\"allow-scripts\" security=\"restricted\" src=\"https:\/\/www.resonnance.org\/ch\/events\/concert-de-soutien-de-la-fondation-2\/embed\/#?secret=vn4yDF80xg\" width=\"600\" height=\"338\" title=\"\u00ab\u00a0La Musique &amp; L&rsquo;Eau &#8211; Concert en R\u00e9sonnance pour l&rsquo;ONG 1,2,3 &#8211; ACTION\u00a0\u00bb &#8212; Suisse\" data-secret=\"vn4yDF80xg\" frameborder=\"0\" marginwidth=\"0\" marginheight=\"0\" scrolling=\"no\" class=\"wp-embedded-content\"><\/iframe><script type=\"text\/javascript\">\n\/* <![CDATA[ *\/\n\/*! This file is auto-generated *\/\n!function(d,l){\"use strict\";l.querySelector&&d.addEventListener&&\"undefined\"!=typeof URL&&(d.wp=d.wp||{},d.wp.receiveEmbedMessage||(d.wp.receiveEmbedMessage=function(e){var t=e.data;if((t||t.secret||t.message||t.value)&&!\/[^a-zA-Z0-9]\/.test(t.secret)){for(var s,r,n,a=l.querySelectorAll('iframe[data-secret=\"'+t.secret+'\"]'),o=l.querySelectorAll('blockquote[data-secret=\"'+t.secret+'\"]'),c=new RegExp(\"^https?:$\",\"i\"),i=0;i<o.length;i++)o[i].style.display=\"none\";for(i=0;i<a.length;i++)s=a[i],e.source===s.contentWindow&&(s.removeAttribute(\"style\"),\"height\"===t.message?(1e3<(r=parseInt(t.value,10))?r=1e3:~~r<200&&(r=200),s.height=r):\"link\"===t.message&&(r=new URL(s.getAttribute(\"src\")),n=new URL(t.value),c.test(n.protocol))&&n.host===r.host&&l.activeElement===s&&(d.top.location.href=t.value))}},d.addEventListener(\"message\",d.wp.receiveEmbedMessage,!1),l.addEventListener(\"DOMContentLoaded\",function(){for(var e,t,s=l.querySelectorAll(\"iframe.wp-embedded-content\"),r=0;r<s.length;r++)(t=(e=s[r]).getAttribute(\"data-secret\"))||(t=Math.random().toString(36).substring(2,12),e.src+=\"#?secret=\"+t,e.setAttribute(\"data-secret\",t)),e.contentWindow.postMessage({message:\"ready\",secret:t},\"*\")},!1)))}(window,document);\n\/* ]]> *\/\n<\/script>\n","thumbnail_url":"https:\/\/www.resonnance.org\/ch\/wp-content\/uploads\/sites\/1\/2024\/02\/Elizabeth-Sombart-6-10-2024_V2-pdf.jpg","thumbnail_width":600,"thumbnail_height":848,"description":"Cette ann\u00e9e dans son concert annuel de soutien, la Fondation R\u00e9sonnace souhaite pr\u00e9senter 123-ACTION pr\u00e9sid\u00e9e par Mme France Majoie Le Lous et Gr\u00e9gory Prenleloup Organisation suisse dont la mission principale est la construction de puits d\u2019eau naturelle dans les villages d\u00e9favoris\u00e9s au Togo, au Zimbabwe et en Tha\u00eflande. &nbsp; Programme:\u00a0\u00a0 Concerto\u00a0 de Mozart : N\u00b0 [&hellip;]"}